{"id":126,"date":"2017-09-04T17:54:51","date_gmt":"2017-09-04T14:54:51","guid":{"rendered":"http:\/\/46.32.240.37\/outicondit.com\/?page_id=126"},"modified":"2018-01-17T15:27:45","modified_gmt":"2018-01-17T13:27:45","slug":"past-projects-2","status":"publish","type":"page","link":"http:\/\/www.outicondit.com\/?page_id=126","title":{"rendered":"Past projects"},"content":{"rendered":"<p><span style=\"color: #ffffff;\">.<\/span><\/p>\n<p><span style=\"color: #ffffff;\">.<\/span><\/p>\n\t\t\t<div class=\"jetpack-portfolio-shortcode column-2\">\n\t\t\t\t\t\t\t<div class=\"portfolio-entry portfolio-entry-column-2 type-past-projects portfolio-entry-mobile-first-item-row portfolio-entry-first-item-row\">\n\t\t\t\t\t<header class=\"portfolio-entry-header\">\n\t\t\t\t\t\n\t\t\t\t\t<h2 class=\"portfolio-entry-title\"><a href=\"http:\/\/www.outicondit.com\/?portfolio=charp\" title=\"#CHARP\">#CHARP<\/a><\/h2>\n\n\t\t\t\t\t\t<div class=\"portfolio-entry-meta\">\n\t\t\t\t\t\t\t\t\t\t\t\t<\/div>\n\n\t\t\t\t\t<\/header>\n\n\t\t\t\t\t\t\t\t\t\t<div class=\"portfolio-entry-content\"><p>Simo Kellokumpu&#8217;s second examined artistic part, premiere: 30.6. 2017 Research Pavilion, Venice #CHARP forms with planetary and intergalactic movements. Imaginary scales and relations are produced. What happens to the movement when it is mediated to choreography? How to embody hyper-reading of the planetary movements that set conditions for the choreographic (hypertext) to emerge? #CHARP will be performed in Helsinki 2018 (dates tba) Working group: Outi Condit, Simo Kellokumpu, Paula Kramer and Vincent Roumagnac https:\/\/simokellokumpu.org\/2017\/03\/20\/charp\/<\/p>\n<\/div>\n\t\t\t\t\t\t\t\t\t<\/div><!-- close .portfolio-entry -->\n\t\t\t\t\t\t\t\t<div class=\"portfolio-entry portfolio-entry-column-2 type-past-projects portfolio-entry-mobile-last-item-row portfolio-entry-last-item-row\">\n\t\t\t\t\t<header class=\"portfolio-entry-header\">\n\t\t\t\t\t<a class=\"portfolio-featured-image\" href=\"http:\/\/www.outicondit.com\/?portfolio=i-am-faransis-w\"><img width=\"1024\" height=\"1024\" src=\"https:\/\/i0.wp.com\/www.outicondit.com\/wp-content\/uploads\/2017\/05\/17492676_1277168012367303_7267920356847210350_o-e1494596809961.jpg?fit=1024%2C1024\" class=\"attachment-large size-large wp-post-image\" alt=\"\" loading=\"lazy\" data-attachment-id=\"107\" data-permalink=\"http:\/\/www.outicondit.com\/?attachment_id=107\" data-orig-file=\"https:\/\/i0.wp.com\/www.outicondit.com\/wp-content\/uploads\/2017\/05\/17492676_1277168012367303_7267920356847210350_o-e1494596809961.jpg?fit=1000%2C1000\" data-orig-size=\"1000,1000\" data-comments-opened=\"1\" data-image-meta=\"{&quot;aperture&quot;:&quot;0&quot;,&quot;credit&quot;:&quot;&quot;,&quot;camera&quot;:&quot;&quot;,&quot;caption&quot;:&quot;&quot;,&quot;created_timestamp&quot;:&quot;0&quot;,&quot;copyright&quot;:&quot;&quot;,&quot;focal_length&quot;:&quot;0&quot;,&quot;iso&quot;:&quot;0&quot;,&quot;shutter_speed&quot;:&quot;0&quot;,&quot;title&quot;:&quot;&quot;,&quot;orientation&quot;:&quot;0&quot;}\" data-image-title=\"17492676_1277168012367303_7267920356847210350_o\" data-image-description=\"\" data-image-caption=\"\" data-medium-file=\"https:\/\/i0.wp.com\/www.outicondit.com\/wp-content\/uploads\/2017\/05\/17492676_1277168012367303_7267920356847210350_o-e1494596809961.jpg?fit=300%2C300\" data-large-file=\"https:\/\/i0.wp.com\/www.outicondit.com\/wp-content\/uploads\/2017\/05\/17492676_1277168012367303_7267920356847210350_o-e1494596809961.jpg?fit=1024%2C1024\" \/><\/a>\n\t\t\t\t\t<h2 class=\"portfolio-entry-title\"><a href=\"http:\/\/www.outicondit.com\/?portfolio=i-am-faransis-w\" title=\"I am Faransis W.\">I am Faransis W.<\/a><\/h2>\n\n\t\t\t\t\t\t<div class=\"portfolio-entry-meta\">\n\t\t\t\t\t\t\t\t\t\t\t\t<\/div>\n\n\t\t\t\t\t<\/header>\n\n\t\t\t\t\t\t\t\t\t\t<div class=\"portfolio-entry-content\"><p>I am Faransis W. (2016) is a new play by award-winning Finnish playwright-director Jari Juutinen based loosely on B\u00fcchner&#8217;s classic Woyzeck. It was be performed at the Edinburgh Fringe at Summerhall Place: Old Lab dates&nbsp;&nbsp;Aug 6 &#8211; Aug 27 2017 written &amp; directed by: Jari Juutinen cast: Aleksi Holkko, Ani Aladashvili\/Outi Condit, Liisa Sofia P\u00f6ntinen light design: Teemu Nurmelin sound design: Jussi Matikainen, Jari Juutinen music: Jussi Matikainen, Tomi Pekkola guitar: Tomi Pekkola video design: Aku Meril\u00e4inen press photos: Aki<a class=\"more-link\" href=\"http:\/\/www.outicondit.com\/?portfolio=i-am-faransis-w\"><span data-hover=\"Read More\">Read More<\/span><\/a><\/p>\n<\/div>\n\t\t\t\t\t\t\t\t\t<\/div><!-- close .portfolio-entry -->\n\t\t\t\t\t\t\t\t<div class=\"portfolio-entry portfolio-entry-column-2 type-past-projects portfolio-entry-mobile-first-item-row portfolio-entry-first-item-row\">\n\t\t\t\t\t<header class=\"portfolio-entry-header\">\n\t\t\t\t\t<a class=\"portfolio-featured-image\" href=\"http:\/\/www.outicondit.com\/?portfolio=toisissa-tiloissa-avalokiteshvara-superclusters\"><img width=\"912\" height=\"654\" src=\"https:\/\/i0.wp.com\/www.outicondit.com\/wp-content\/uploads\/2017\/09\/Screen-Shot-2017-09-04-at-19.03.37.png?fit=912%2C654\" class=\"attachment-large size-large wp-post-image\" alt=\"Kuva (c) Paula Tella\" loading=\"lazy\" srcset=\"https:\/\/i0.wp.com\/www.outicondit.com\/wp-content\/uploads\/2017\/09\/Screen-Shot-2017-09-04-at-19.03.37.png?w=912 912w, https:\/\/i0.wp.com\/www.outicondit.com\/wp-content\/uploads\/2017\/09\/Screen-Shot-2017-09-04-at-19.03.37.png?resize=300%2C215 300w, https:\/\/i0.wp.com\/www.outicondit.com\/wp-content\/uploads\/2017\/09\/Screen-Shot-2017-09-04-at-19.03.37.png?resize=768%2C551 768w, https:\/\/i0.wp.com\/www.outicondit.com\/wp-content\/uploads\/2017\/09\/Screen-Shot-2017-09-04-at-19.03.37.png?resize=720%2C516 720w, https:\/\/i0.wp.com\/www.outicondit.com\/wp-content\/uploads\/2017\/09\/Screen-Shot-2017-09-04-at-19.03.37.png?resize=560%2C402 560w\" sizes=\"(max-width: 912px) 100vw, 912px\" data-attachment-id=\"145\" data-permalink=\"http:\/\/www.outicondit.com\/?attachment_id=145\" data-orig-file=\"https:\/\/i0.wp.com\/www.outicondit.com\/wp-content\/uploads\/2017\/09\/Screen-Shot-2017-09-04-at-19.03.37.png?fit=912%2C654\" data-orig-size=\"912,654\" data-comments-opened=\"1\" data-image-meta=\"{&quot;aperture&quot;:&quot;0&quot;,&quot;credit&quot;:&quot;&quot;,&quot;camera&quot;:&quot;&quot;,&quot;caption&quot;:&quot;&quot;,&quot;created_timestamp&quot;:&quot;0&quot;,&quot;copyright&quot;:&quot;&quot;,&quot;focal_length&quot;:&quot;0&quot;,&quot;iso&quot;:&quot;0&quot;,&quot;shutter_speed&quot;:&quot;0&quot;,&quot;title&quot;:&quot;&quot;,&quot;orientation&quot;:&quot;0&quot;}\" data-image-title=\"Screen Shot 2017-09-04 at 19.03.37\" data-image-description=\"&lt;p&gt;Kuva (c) Paula Tella&lt;\/p&gt;\n\" data-image-caption=\"&lt;p&gt;Kuva (c) Paula Tella&lt;\/p&gt;\n\" data-medium-file=\"https:\/\/i0.wp.com\/www.outicondit.com\/wp-content\/uploads\/2017\/09\/Screen-Shot-2017-09-04-at-19.03.37.png?fit=300%2C215\" data-large-file=\"https:\/\/i0.wp.com\/www.outicondit.com\/wp-content\/uploads\/2017\/09\/Screen-Shot-2017-09-04-at-19.03.37.png?fit=912%2C654\" \/><\/a>\n\t\t\t\t\t<h2 class=\"portfolio-entry-title\"><a href=\"http:\/\/www.outicondit.com\/?portfolio=toisissa-tiloissa-avalokiteshvara-superclusters\" title=\"Toisissa tiloissa: Avalokiteshvara-Superclusters\">Toisissa tiloissa: Avalokiteshvara-Superclusters<\/a><\/h2>\n\n\t\t\t\t\t\t<div class=\"portfolio-entry-meta\">\n\t\t\t\t\t\t\t\t\t\t\t\t<\/div>\n\n\t\t\t\t\t<\/header>\n\n\t\t\t\t\t\t\t\t\t\t<div class=\"portfolio-entry-content\"><p>. . Toisissa tiloissa -ryhm\u00e4n osallistava ulkoilmateos Avalokiteshvara Superclusters muodostuu moniosaisesta kollektiivisesta my\u00f6t\u00e4tuntoharjoituksesta, jonka p\u00e4\u00e4m\u00e4\u00e4r\u00e4n\u00e4 on kokemus kaikkien olentojen samanarvoisuudesta. Esityksess\u00e4 yhdistyv\u00e4t \u201dAvalokiteshvara\u201d, buddhalainen my\u00f6t\u00e4tunnon ruumiillistuma, sek\u00e4 \u201dsuperklusterit\u201d eli maailmankaikkeuden suurimmat tunnetut rakenteet. Esitys tapahtuu kaupungin liepeill\u00e4, j\u00e4tt\u00f6mailla, paikoissa, joissa luonnollinen ja keinotekoinen todellisuus kohtaavat satunnaisilla ja hallitsemattomilla tavoilla. Esitykseen ei myyd\u00e4 p\u00e4\u00e4sylippuja. Sen sijaan osallistujat lunastavat kymmenell\u00e4 eurolla palan planeettaa suojeltavaksi. Esityksess\u00e4 l\u00e4hestyt\u00e4\u00e4n maailmatonta tilaa, jossa vallitsee pakolaisuus, hajaannus ja tungos. T\u00e4ss\u00e4 tilanteessa olioilla ei ole muuta kotia kuin<a class=\"more-link\" href=\"http:\/\/www.outicondit.com\/?portfolio=toisissa-tiloissa-avalokiteshvara-superclusters\"><span data-hover=\"Read More\">Read More<\/span><\/a><\/p>\n<\/div>\n\t\t\t\t\t\t\t\t\t<\/div><!-- close .portfolio-entry -->\n\t\t\t\t\t\t\t\t<div class=\"portfolio-entry portfolio-entry-column-2 type-main type-past-projects portfolio-entry-mobile-last-item-row portfolio-entry-last-item-row\">\n\t\t\t\t\t<header class=\"portfolio-entry-header\">\n\t\t\t\t\t\n\t\t\t\t\t<h2 class=\"portfolio-entry-title\"><a href=\"http:\/\/www.outicondit.com\/?portfolio=channelling\" title=\"Channelling\">Channelling<\/a><\/h2>\n\n\t\t\t\t\t\t<div class=\"portfolio-entry-meta\">\n\t\t\t\t\t\t\t\t\t\t\t\t<\/div>\n\n\t\t\t\t\t<\/header>\n\n\t\t\t\t\t\t\t\t\t\t<div class=\"portfolio-entry-content\"><p>. . Kuinka puhua rivien v\u00e4list\u00e4? Kuinka ajatella ei mit\u00e4\u00e4n? Kuinka kanavoida kaikkea? &#8220;Mietin sit\u00e4 hetke\u00e4 ja tilaa ja kohtaa joka on k\u00e4\u00e4nn\u00f6ksen ja ajatuksen v\u00e4liss\u00e4. Tai hetki, jolloin alan puhua ja hetki jolloin alan ajatella k\u00e4\u00e4nn\u00f6st\u00e4, k\u00e4\u00e4nt\u00e4mist\u00e4. Mit\u00e4 se on, mit\u00e4 siin\u00e4 on. Aion nyt menn\u00e4 siihen siihen tilaan, siihen v\u00e4liin. Olen nyt ajatuksen, puheen alkamaisillaan olon ja k\u00e4\u00e4nn\u00f6ksen\u00e4 tapahtuvan puheen v\u00e4liss\u00e4. Olen nyt siell\u00e4. T\u00e4m\u00e4 on nyt se tila, ja&#8230;&#8221; -Emilia Kokko To speak between the lines To<a class=\"more-link\" href=\"http:\/\/www.outicondit.com\/?portfolio=channelling\"><span data-hover=\"Read More\">Read More<\/span><\/a><\/p>\n<\/div>\n\t\t\t\t\t\t\t\t\t<\/div><!-- close .portfolio-entry -->\n\t\t\t\t\t\t\t\t<div class=\"portfolio-entry portfolio-entry-column-2 type-past-projects type-writings portfolio-entry-mobile-first-item-row portfolio-entry-first-item-row\">\n\t\t\t\t\t<header class=\"portfolio-entry-header\">\n\t\t\t\t\t\n\t\t\t\t\t<h2 class=\"portfolio-entry-title\"><a href=\"http:\/\/www.outicondit.com\/?portfolio=networked-actor-theory\" title=\"NETWORKED ACTOR THEORY\">NETWORKED ACTOR THEORY<\/a><\/h2>\n\n\t\t\t\t\t\t<div class=\"portfolio-entry-meta\">\n\t\t\t\t\t\t\t\t\t\t\t\t<\/div>\n\n\t\t\t\t\t<\/header>\n\n\t\t\t\t\t\t\t\t\t\t<div class=\"portfolio-entry-content\"><p>. . . In 2019, together with my colleague Simo Kellokumpu, we curated an artistic research event with the title Networked Actor Theory. This brought together artist-researchers with shared interests to rethink the agencies and politics of performing bodies and the networks they emerge from. In 2021 those same artist-researchers come together in a digital publication in which each contribution offers an enthusiastic &#8220;yes, and&#8221; proposal to what might be considered &#8220;writing&#8221; in artistic research. . https:\/\/nivel.teak.fi\/nat\/<\/p>\n<\/div>\n\t\t\t\t\t\t\t\t\t<\/div><!-- close .portfolio-entry -->\n\t\t\t\t\t\t\t\t<div class=\"portfolio-entry portfolio-entry-column-2 type-past-projects type-videos portfolio-entry-mobile-last-item-row portfolio-entry-last-item-row\">\n\t\t\t\t\t<header class=\"portfolio-entry-header\">\n\t\t\t\t\t\n\t\t\t\t\t<h2 class=\"portfolio-entry-title\"><a href=\"http:\/\/www.outicondit.com\/?portfolio=wheres-the-remote\" title=\"WHERE&#8217;S THE REMOTE\">WHERE&#8217;S THE REMOTE<\/a><\/h2>\n\n\t\t\t\t\t\t<div class=\"portfolio-entry-meta\">\n\t\t\t\t\t\t\t\t\t\t\t\t<\/div>\n\n\t\t\t\t\t<\/header>\n\n\t\t\t\t\t\t\t\t\t\t<div class=\"portfolio-entry-content\"><\/div>\n\t\t\t\t\t\t\t\t\t<\/div><!-- close .portfolio-entry -->\n\t\t\t\t\t\t\t\t<div class=\"portfolio-entry portfolio-entry-column-2 type-past-projects type-videos portfolio-entry-mobile-first-item-row portfolio-entry-first-item-row\">\n\t\t\t\t\t<header class=\"portfolio-entry-header\">\n\t\t\t\t\t\n\t\t\t\t\t<h2 class=\"portfolio-entry-title\"><a href=\"http:\/\/www.outicondit.com\/?portfolio=the-diva\" title=\"THE DIVA\">THE DIVA<\/a><\/h2>\n\n\t\t\t\t\t\t<div class=\"portfolio-entry-meta\">\n\t\t\t\t\t\t\t\t\t\t\t\t<\/div>\n\n\t\t\t\t\t<\/header>\n\n\t\t\t\t\t\t\t\t\t\t<div class=\"portfolio-entry-content\"><p>. . . . . In 2017, I worked together with theatre director and fellow doctoral research fellow Vincent Roumagnac to make the stage piece The Actress, which became the first clearly defined artefact to be produced by my research process. Its success strengthened my conviction to keep producing objects, even, or perhaps especially, when the object is the researcherly body itself. . In Spring 2021, Vincent and I came together again to produce a piece which is simultaneously independent<a class=\"more-link\" href=\"http:\/\/www.outicondit.com\/?portfolio=the-diva\"><span data-hover=\"Read More\">Read More<\/span><\/a><\/p>\n<\/div>\n\t\t\t\t\t\t\t\t\t<\/div><!-- close .portfolio-entry -->\n\t\t\t\t\t\t\t\t<div class=\"portfolio-entry portfolio-entry-column-2 type-past-projects portfolio-entry-mobile-last-item-row portfolio-entry-last-item-row\">\n\t\t\t\t\t<header class=\"portfolio-entry-header\">\n\t\t\t\t\t\n\t\t\t\t\t<h2 class=\"portfolio-entry-title\"><a href=\"http:\/\/www.outicondit.com\/?portfolio=susanin-vaikutus\" title=\"SUSANIN VAIKUTUS\">SUSANIN VAIKUTUS<\/a><\/h2>\n\n\t\t\t\t\t\t<div class=\"portfolio-entry-meta\">\n\t\t\t\t\t\t\t\t\t\t\t\t<\/div>\n\n\t\t\t\t\t<\/header>\n\n\t\t\t\t\t\t\t\t\t\t<div class=\"portfolio-entry-content\"><p>. Based on Peter H\u00f8eg&#8217;s The Susan Effect, dramatized and directed for stage by Miko Jaakkola. Premiered in Jyv\u00e4skyl\u00e4 City Theatre 23 rd of October 2021.<\/p>\n<\/div>\n\t\t\t\t\t\t\t\t\t<\/div><!-- close .portfolio-entry -->\n\t\t\t\t\t\t\t\t<div class=\"portfolio-entry portfolio-entry-column-2 type-past-projects portfolio-entry-mobile-first-item-row portfolio-entry-first-item-row\">\n\t\t\t\t\t<header class=\"portfolio-entry-header\">\n\t\t\t\t\t\n\t\t\t\t\t<h2 class=\"portfolio-entry-title\"><a href=\"http:\/\/www.outicondit.com\/?portfolio=paradox-of-photography-inside-the-apparatus\" title=\"PARADOXES OF PHOTOGRAPHY\/ INSIDE THE APPARATUS\">PARADOXES OF PHOTOGRAPHY\/ INSIDE THE APPARATUS<\/a><\/h2>\n\n\t\t\t\t\t\t<div class=\"portfolio-entry-meta\">\n\t\t\t\t\t\t\t\t\t\t\t\t<\/div>\n\n\t\t\t\t\t<\/header>\n\n\t\t\t\t\t\t\t\t\t\t<div class=\"portfolio-entry-content\"><p>&#8220;A good medium is rare.&#8221; -Scooby Doo, 1972 . . Outi Condit &amp; Rosie Swayne (Iso-Britannia\/Suomi):&nbsp;Osana apparaattia&nbsp;\/&nbsp;Within&nbsp;the&nbsp;Apparatus&nbsp;&nbsp;&nbsp; . Paradoxes of Photography exhibition in the Museum of Photography 13.5.-28.8. 2022 Audio piece in Finnish and in English, 4 headphones&nbsp; . . An imagined&nbsp;image&nbsp;is invisible, and it can be shared only through its effects.&nbsp;Its manifestation is shaped by&nbsp;the experience of&nbsp;those who&nbsp;feel its&nbsp;imprint&nbsp;\u2013&nbsp;a trace, a ghost, an influence. In our hypervisual society, photographs serve as the ectoplasm of our private, social, and political<a class=\"more-link\" href=\"http:\/\/www.outicondit.com\/?portfolio=paradox-of-photography-inside-the-apparatus\"><span data-hover=\"Read More\">Read More<\/span><\/a><\/p>\n<\/div>\n\t\t\t\t\t\t\t\t\t<\/div><!-- close .portfolio-entry -->\n\t\t\t\t\t\t\t<\/div><!-- close .jetpack-portfolio -->\n\t\t\n","protected":false},"excerpt":{"rendered":"<p>. .<\/p>\n","protected":false},"author":1,"featured_media":0,"parent":0,"menu_order":0,"comment_status":"closed","ping_status":"closed","template":"","meta":{"spay_email":""},"jetpack_sharing_enabled":true,"jetpack_shortlink":"https:\/\/wp.me\/P8J1MZ-22","jetpack-related-posts":[{"id":125,"url":"http:\/\/www.outicondit.com\/?page_id=125","url_meta":{"origin":126,"position":0},"title":"&#8220;Writings&#8221;","date":"\/\/\/","format":false,"excerpt":". .","rel":"","context":"Similar post","img":{"alt_text":"","src":"","width":0,"height":0},"classes":[]},{"id":78,"url":"http:\/\/www.outicondit.com\/","url_meta":{"origin":126,"position":1},"title":"Current","date":"\/\/\/","format":false,"excerpt":". : . . .","rel":"","context":"Similar post","img":{"alt_text":"","src":"","width":0,"height":0},"classes":[]},{"id":116,"url":"http:\/\/www.outicondit.com\/?page_id=116","url_meta":{"origin":126,"position":2},"title":"Past projects","date":"\/\/\/","format":false,"excerpt":"","rel":"","context":"Similar post","img":{"alt_text":"","src":"","width":0,"height":0},"classes":[]},{"id":74,"url":"http:\/\/www.outicondit.com\/?page_id=74","url_meta":{"origin":126,"position":3},"title":"#CHARP","date":"\/\/\/","format":false,"excerpt":"Simo Kellokumpu's second examined artistic part, premiere: 30.6. 2017 Research Pavilion, Venice #CHARP forms with planetary and intergalactic movements. Imaginary scales and relations are produced. What happens to the movement when it is mediated to choreography? How to embody hyper-reading of the planetary movements that set conditions for the choreographic\u2026","rel":"","context":"Similar post","img":{"alt_text":"","src":"https:\/\/i0.wp.com\/www.outicondit.com\/wp-content\/uploads\/2017\/05\/charp3.jpg?fit=1003%2C669&resize=350%2C200","width":350,"height":200},"classes":[]},{"id":250,"url":"http:\/\/www.outicondit.com\/?page_id=250","url_meta":{"origin":126,"position":4},"title":"PORTFOLIO","date":"\/\/\/","format":false,"excerpt":"Selected works Examined Other Miscellanous","rel":"","context":"Similar post","img":{"alt_text":"","src":"https:\/\/i0.wp.com\/www.outicondit.com\/wp-content\/uploads\/2019\/09\/Screen-Shot-2019-09-30-at-11.17.44.png?resize=350%2C200","width":350,"height":200},"classes":[]},{"id":38,"url":"http:\/\/www.outicondit.com\/?page_id=38","url_meta":{"origin":126,"position":5},"title":"About me","date":"\/\/\/","format":false,"excerpt":". . . I\u2019m an actor, performance maker and researcher currently looking at the practices, discourses and spatio-technical arrangements of theatre as apparatuses that produce and mould bodies and selves in specific ways.\u00a0In my works I'm interested in destabilising bodily boundaries as a way of queering and multiplying bodies in\/through\/as\u2026","rel":"","context":"Similar post","img":{"alt_text":"","src":"","width":0,"height":0},"classes":[]}],"_links":{"self":[{"href":"http:\/\/www.outicondit.com\/index.php?rest_route=\/wp\/v2\/pages\/126"}],"collection":[{"href":"http:\/\/www.outicondit.com\/index.php?rest_route=\/wp\/v2\/pages"}],"about":[{"href":"http:\/\/www.outicondit.com\/index.php?rest_route=\/wp\/v2\/types\/page"}],"author":[{"embeddable":true,"href":"http:\/\/www.outicondit.com\/index.php?rest_route=\/wp\/v2\/users\/1"}],"replies":[{"embeddable":true,"href":"http:\/\/www.outicondit.com\/index.php?rest_route=%2Fwp%2Fv2%2Fcomments&post=126"}],"version-history":[{"count":5,"href":"http:\/\/www.outicondit.com\/index.php?rest_route=\/wp\/v2\/pages\/126\/revisions"}],"predecessor-version":[{"id":563,"href":"http:\/\/www.outicondit.com\/index.php?rest_route=\/wp\/v2\/pages\/126\/revisions\/563"}],"wp:attachment":[{"href":"http:\/\/www.outicondit.com\/index.php?rest_route=%2Fwp%2Fv2%2Fmedia&parent=126"}],"curies":[{"name":"wp","href":"https:\/\/api.w.org\/{rel}","templated":true}]}}