{"id":144,"date":"2017-09-04T19:08:05","date_gmt":"2017-09-04T16:08:05","guid":{"rendered":"http:\/\/46.32.240.37\/outicondit.com\/?post_type=jetpack-portfolio&#038;p=144"},"modified":"2022-09-07T18:40:34","modified_gmt":"2022-09-07T15:40:34","slug":"toisissa-tiloissa-avalokiteshvara-superclusters","status":"publish","type":"jetpack-portfolio","link":"http:\/\/www.outicondit.com\/?portfolio=toisissa-tiloissa-avalokiteshvara-superclusters","title":{"rendered":"Toisissa tiloissa: Avalokiteshvara-Superclusters"},"content":{"rendered":"<div class=\"container-fluid\">\n<h3><span style=\"color: #ffffff;\">.<\/span><\/h3>\n<p><span style=\"color: #ffffff;\">.<\/span><\/p>\n<p><a style=\"font-size: 16px;\" href=\"http:\/\/toisissatiloissa.net\/\">Toisissa tiloissa<\/a><span style=\"font-size: 16px;\"> -ryhm\u00e4n osallistava ulkoilmateos Avalokiteshvara Superclusters muodostuu moniosaisesta kollektiivisesta my\u00f6t\u00e4tuntoharjoituksesta, jonka p\u00e4\u00e4m\u00e4\u00e4r\u00e4n\u00e4 on kokemus kaikkien olentojen samanarvoisuudesta. Esityksess\u00e4 yhdistyv\u00e4t \u201d<\/span><a style=\"font-size: 16px;\" href=\"http:\/\/toisissatiloissa.net\/superclusters\/avalokiteshvara.html\">Avalokiteshvara<\/a><span style=\"font-size: 16px;\">\u201d, buddhalainen my\u00f6t\u00e4tunnon ruumiillistuma, sek\u00e4 \u201d<\/span><a style=\"font-size: 16px;\" href=\"http:\/\/toisissatiloissa.net\/superclusters\/laniakea.html\">superklusterit<\/a><span style=\"font-size: 16px;\">\u201d eli maailmankaikkeuden suurimmat tunnetut rakenteet. Esitys tapahtuu kaupungin liepeill\u00e4, j\u00e4tt\u00f6mailla, paikoissa, joissa luonnollinen ja keinotekoinen todellisuus kohtaavat satunnaisilla ja hallitsemattomilla tavoilla.<\/span><\/p>\n<\/div>\n<div class=\"container-fluid hidden-sm hidden-xs\">\n<div class=\"row\">\n<div class=\"col-md-4 col-lg-4\">\n<p>Esitykseen ei myyd\u00e4 p\u00e4\u00e4sylippuja. Sen sijaan osallistujat lunastavat kymmenell\u00e4 eurolla palan planeettaa suojeltavaksi.<\/p>\n<p>Esityksess\u00e4 l\u00e4hestyt\u00e4\u00e4n maailmatonta tilaa, jossa vallitsee pakolaisuus, hajaannus ja tungos. T\u00e4ss\u00e4 tilanteessa olioilla ei ole muuta kotia kuin toinen toisensa. N\u00e4m\u00e4 levottomat, paikattomat ruumiit voivat el\u00e4\u00e4 yhdess\u00e4 vain keskin\u00e4isen my\u00f6t\u00e4tunnon ansiosta.<\/p>\n<p>My\u00f6t\u00e4tunto ei ole pelkk\u00e4 tunne, vaan kokonaisvaltainen, meit\u00e4 kaikkia koskeva asenteen ja asennon muutos, joka ulottuu ihmisen tuolle puolen. Jotta my\u00f6t\u00e4tunto voisi ulottua edes kaikkiin ihmisiin, on sen ulotuttava rajatta kaikkiin olentoihin. Muutoin raja kulkee v\u00e4ist\u00e4m\u00e4tt\u00e4 ihmiskunnan sis\u00e4ll\u00e4, niiden v\u00e4lill\u00e4 jotka ovat enemm\u00e4n ihmisi\u00e4 ja niiden, jotka ovat v\u00e4hemm\u00e4n. Pyrkimys my\u00f6t\u00e4tuntoon ei-inhimillisin\u00e4 pidettyj\u00e4 olentoja kohtaan, kosminen my\u00f6t\u00e4tunto, on meit\u00e4 kaikkia koskettava haaste, johon vastaaminen vaatii harjoittelua!<\/p>\n<p>Avalokiteshvara Superclusters koostuu kosmista my\u00f6t\u00e4tuntoa edist\u00e4vist\u00e4 kollektiivisista harjoitteista. Ensimm\u00e4isess\u00e4 harjoitteessa tehd\u00e4\u00e4n <a href=\"http:\/\/toisissatiloissa.net\/superclusters\/osallistu.html\">lahjoitus<\/a> planeetan muiden olioiden hyv\u00e4ksi. Lahjoitus my\u00f6s lunastaa osallistumisesi hein\u00e4kuun lopulla alkaviin ulkoilmaesityksiin.<\/p>\n<p>Esityksen nimi juontuu buddhalaisesta tarustosta. Tarinan mukaan <a href=\"http:\/\/toisissatiloissa.net\/superclusters\/avalokiteshvara.html\">Avalokiteshvara<\/a> oli muinainen buddhakokelas, joka yritti yksin\u00e4\u00e4n vastata koko universumiin kohdistuvan my\u00f6t\u00e4tunnon haasteeseen. Avalokiteshvaran my\u00f6t\u00e4tunto kaikkia olentoja kohtaan oli lopulta niin \u00e4\u00e4ret\u00f6n, ett\u00e4 se repi h\u00e4net kappaleiksi. Kun muut Buddhat riensiv\u00e4t apuun ja kokosivat hajaantuneen ruumiin, oli tuloksena monip\u00e4inen, -raajainen ja -silm\u00e4inen Buddha, kosmisen my\u00f6t\u00e4tunnon ruumiillistuma.<\/p>\n<p>Avalokiteshvaran tarinaa mukaillen Avalokiteshvara Superclusters -esityksen osanottajat muodostavat yhdess\u00e4 loputtomasti muotoaan muuttavan kosmisen rakenteen, johon ovat liittyneet kaikki universumin olennot.<\/p>\n<p>Kes\u00e4n 2017 esitykset Helsingiss\u00e4 olivat 22.7. | 23.7. | 29.7. | 30.7. | 12.8. klo 14-17. Etsimme tilaisuuksia uusille esityksille.<\/p>\n<h6>Ty\u00f6ryhm\u00e4<\/h6>\n<h6>Eija Ranta, Esa Kirkkopelto, Kati Korosuo, Minja Mertanen, Outi Condit, Sanni Priha, Paula Tella, Timo Jokitalo<\/h6>\n<h6>Tuotanto: Jaakko Ruuska, info@toisissatiloissa.net, +358 40 9635442<\/h6>\n<p><a href=\"http:\/\/toisissatiloissa.net\/superclusters\/index.html\">http:\/\/toisissatiloissa.net\/superclusters\/index.html<\/a><\/p>\n<\/div>\n<\/div>\n<\/div>\n","protected":false},"excerpt":{"rendered":"<p>. . Toisissa tiloissa -ryhm\u00e4n osallistava ulkoilmateos Avalokiteshvara Superclusters muodostuu moniosaisesta kollektiivisesta my\u00f6t\u00e4tuntoharjoituksesta, jonka p\u00e4\u00e4m\u00e4\u00e4r\u00e4n\u00e4 on kokemus kaikkien olentojen samanarvoisuudesta. Esityksess\u00e4 yhdistyv\u00e4t \u201dAvalokiteshvara\u201d, buddhalainen my\u00f6t\u00e4tunnon ruumiillistuma, sek\u00e4 \u201dsuperklusterit\u201d eli maailmankaikkeuden suurimmat tunnetut rakenteet. Esitys tapahtuu kaupungin liepeill\u00e4, j\u00e4tt\u00f6mailla, paikoissa, joissa luonnollinen ja keinotekoinen todellisuus kohtaavat satunnaisilla ja hallitsemattomilla tavoilla. Esitykseen ei myyd\u00e4 p\u00e4\u00e4sylippuja. Sen sijaan osallistujat lunastavat kymmenell\u00e4 eurolla palan planeettaa suojeltavaksi. Esityksess\u00e4 l\u00e4hestyt\u00e4\u00e4n maailmatonta tilaa, jossa vallitsee pakolaisuus, hajaannus ja tungos. T\u00e4ss\u00e4 tilanteessa olioilla ei ole muuta kotia kuin<a class=\"more-link\" href=\"http:\/\/www.outicondit.com\/?portfolio=toisissa-tiloissa-avalokiteshvara-superclusters\"><span data-hover=\"Read More\">Read More<\/span><\/a><\/p>\n","protected":false},"author":1,"featured_media":145,"comment_status":"closed","ping_status":"closed","template":"","meta":{"spay_email":"","jetpack_publicize_message":"","jetpack_is_tweetstorm":false,"jetpack_publicize_feature_enabled":true},"jetpack-portfolio-type":[10],"jetpack-portfolio-tag":[],"jetpack_publicize_connections":[],"jetpack_sharing_enabled":true,"jetpack-related-posts":[{"id":166,"url":"http:\/\/www.outicondit.com\/?portfolio=channelling","url_meta":{"origin":144,"position":0},"title":"Channelling","date":"\/\/\/","format":false,"excerpt":". . Kuinka puhua rivien v\u00e4list\u00e4? Kuinka ajatella ei mit\u00e4\u00e4n? Kuinka kanavoida kaikkea? \"Mietin sit\u00e4 hetke\u00e4 ja tilaa ja kohtaa joka on k\u00e4\u00e4nn\u00f6ksen ja ajatuksen v\u00e4liss\u00e4. Tai hetki, jolloin alan puhua ja hetki jolloin alan ajatella k\u00e4\u00e4nn\u00f6st\u00e4, k\u00e4\u00e4nt\u00e4mist\u00e4. Mit\u00e4 se on, mit\u00e4 siin\u00e4 on. Aion nyt menn\u00e4 siihen siihen tilaan,\u2026","rel":"","context":"Similar post","img":{"alt_text":"","src":"https:\/\/i0.wp.com\/www.outicondit.com\/wp-content\/uploads\/2017\/09\/Channelling_4-2-300x200.jpg?resize=350%2C200","width":350,"height":200},"classes":[]}],"_links":{"self":[{"href":"http:\/\/www.outicondit.com\/index.php?rest_route=\/wp\/v2\/jetpack-portfolio\/144"}],"collection":[{"href":"http:\/\/www.outicondit.com\/index.php?rest_route=\/wp\/v2\/jetpack-portfolio"}],"about":[{"href":"http:\/\/www.outicondit.com\/index.php?rest_route=\/wp\/v2\/types\/jetpack-portfolio"}],"author":[{"embeddable":true,"href":"http:\/\/www.outicondit.com\/index.php?rest_route=\/wp\/v2\/users\/1"}],"replies":[{"embeddable":true,"href":"http:\/\/www.outicondit.com\/index.php?rest_route=%2Fwp%2Fv2%2Fcomments&post=144"}],"version-history":[{"count":2,"href":"http:\/\/www.outicondit.com\/index.php?rest_route=\/wp\/v2\/jetpack-portfolio\/144\/revisions"}],"predecessor-version":[{"id":536,"href":"http:\/\/www.outicondit.com\/index.php?rest_route=\/wp\/v2\/jetpack-portfolio\/144\/revisions\/536"}],"wp:featuredmedia":[{"embeddable":true,"href":"http:\/\/www.outicondit.com\/index.php?rest_route=\/wp\/v2\/media\/145"}],"wp:attachment":[{"href":"http:\/\/www.outicondit.com\/index.php?rest_route=%2Fwp%2Fv2%2Fmedia&parent=144"}],"wp:term":[{"taxonomy":"jetpack-portfolio-type","embeddable":true,"href":"http:\/\/www.outicondit.com\/index.php?rest_route=%2Fwp%2Fv2%2Fjetpack-portfolio-type&post=144"},{"taxonomy":"jetpack-portfolio-tag","embeddable":true,"href":"http:\/\/www.outicondit.com\/index.php?rest_route=%2Fwp%2Fv2%2Fjetpack-portfolio-tag&post=144"}],"curies":[{"name":"wp","href":"https:\/\/api.w.org\/{rel}","templated":true}]}}